{"id":1702,"date":"2014-02-12T11:28:04","date_gmt":"2014-02-12T09:28:04","guid":{"rendered":"http:\/\/cgtcantabria.org\/wp\/?page_id=1702"},"modified":"2014-04-02T15:33:09","modified_gmt":"2014-04-02T13:33:09","slug":"campanas-en-las-que-participa-la-cgt","status":"publish","type":"page","link":"https:\/\/cgtcantabria.org\/wp\/?page_id=1702","title":{"rendered":"CAMPA\u00d1AS EN LAS QUE PARTICIPA LA CGT"},"content":{"rendered":"<table width=\"640\" cellspacing=\"0\" cellpadding=\"0\">\n<tbody>\n<tr>\n<td>\n<div>\n<h2 style=\"text-align: center;\">\u00a0<b>INFORMACI\u00d3N DE LAS CAMPA\u00d1AS EN LAS QUE PARTICIPA LA CGT ACTUALMENTE<\/b><b> <\/b><b>\u00a0<\/b><\/h2>\n<\/div>\n<\/td>\n<\/tr>\n<\/tbody>\n<\/table>\n<p style=\"text-align: justify;\"><a href=\"http:\/\/cgtcantabria.org\/wp\/wp-content\/uploads\/2014\/01\/images-14.jpg\"><img loading=\"lazy\" decoding=\"async\" class=\"aligncenter size-full wp-image-1528\" alt=\"images (14)\" src=\"http:\/\/cgtcantabria.org\/wp\/wp-content\/uploads\/2014\/01\/images-14.jpg\" width=\"217\" height=\"147\" \/><\/a>Como sab\u00e9is La CGT forma parte de la Plataforma de Cantabria por lo p\u00fablico. En estos momentos dicha plataforma est\u00e1 organizando las Marchas 22-M a Madrid con\u00a0 varios actos a nivel territorial y la campa\u00f1a de los V\u00eddeos sobre los recortes:<\/p>\n<h3 align=\"center\"><b>MARCHAS DE LA DIGNIDAD 22-M<\/b><\/h3>\n<p style=\"text-align: justify;\"><b>\u00a0<\/b><b>Acto presentaci\u00f3n 19 de Febrero en el IES Santa Clara<\/b> a las 19:00 horas. Participan: Jos\u00e9 Coy, Manolo Ca\u00f1ada e Isabel Franco (Movimiento contra el paro y la precariedad).\u00a0 Habr\u00e1 rueda de prensa previa el d\u00eda 11 a las 11:00 horas. Para ver el cartel pincha <a href=\"https:\/\/www.dropbox.com\/s\/e6mojbiz76zltwe\/Cartel-MarChas-de-la-Dignidad-22M-v6.jpg\">aqu\u00ed<\/a>.<\/p>\n<p style=\"text-align: justify;\"><b>Marchas a Pie a Madrid<\/b> posiblemente se salga el d\u00eda 8 de Marzo, depender\u00e1 de la cantidad de gente que se apunte, con un m\u00ednimo de 10 personas se har\u00e1. Para m\u00e1s informaci\u00f3n y apuntarse <a href=\"https:\/\/www.dropbox.com\/s\/qny4eoci2ramlho\/Ficha%20Marchas%2022M%20Cantabria.pdf\">aqu\u00ed<\/a>. Para el billete <a href=\"https:\/\/www.dropbox.com\/s\/4vye6ry0qdg3w3i\/billete_marchas.jpg\">aqu\u00ed<\/a> y los bonos- ayuda <a href=\"https:\/\/www.dropbox.com\/s\/g7hdy4hoenx3eod\/bono-%282%29-2.jpg\">aqu\u00ed<\/a>, tambi\u00e9n pod\u00e9is conseguirlos llamando al tel\u00e9fono 942310202. La CGT aportar\u00e1 una parte del billete a sus afiliados.<\/p>\n<p style=\"text-align: justify;\"><b>Marchas a pie el d\u00eda 15 de Marzo<\/b> desde distintos puntos de la Provincia hacia Torrelavega. Habr\u00e1 una fiesta al final del recorrido e intervendr\u00e1n Trabajadores de la zona del Saja-Besaya y Andr\u00e9s B\u00f3dalo (SAT).<\/p>\n<p style=\"text-align: justify;\"><strong>Marcha a Madrid 22 de marzo<\/strong><br \/>\nSalimos en autob\u00fas desde distintos puntos de Cantabria para unirnos a la Columna Noroeste en Aravaca para entrar junt@s en Madrid.<\/p>\n<p style=\"text-align: justify;\">La CGT junto con CSC, CO.BAS, Solidaridad Obrera, Intersindical Arag\u00f3n, ped\u00eda que en el manifiesto como estrategia de continuidad con la lucha, se incluyera una jornada de huelga general. El resto de colectivos decidi\u00f3 no incluirlo. Es por esto que hemos elaborado un manifiesto propio. Manifiesto oficial pinchar <a href=\"http:\/\/marchasdeladignidad.org\/?page_id=14\">aqu\u00ed<\/a>. Manifiesto de la CGT pinchar <a href=\"https:\/\/www.dropbox.com\/s\/zgtwm1nta2d6002\/MANIFIESTO%20ALTERNATIVO%20consensuado-maqueta%202%20%281%29.pdf\">aqu\u00ed<\/a>.<\/p>\n<p align=\"center\"><b><i>Para colaborar contactar con <a href=\"mailto:accionsocial@cgtcantabria.org\">accionsocial@cgtcantabria.org<\/a><\/i><\/b><\/p>\n<h3 style=\"text-align: center;\"><b>V\u00cdDEOS SOBRE LOS RECORTES EN SANIDAD, EDUCACI\u00d3N, S. SOCIALES<\/b><\/h3>\n<p style=\"text-align: justify;\"><a href=\"http:\/\/cgtcantabria.org\/wp\/wp-content\/uploads\/2014\/02\/webmail.jpg\"><img loading=\"lazy\" decoding=\"async\" class=\"aligncenter  wp-image-1706\" alt=\"webmail\" src=\"http:\/\/cgtcantabria.org\/wp\/wp-content\/uploads\/2014\/02\/webmail.jpg\" width=\"350\" height=\"383\" srcset=\"https:\/\/cgtcantabria.org\/wp\/wp-content\/uploads\/2014\/02\/webmail.jpg 583w, https:\/\/cgtcantabria.org\/wp\/wp-content\/uploads\/2014\/02\/webmail-273x300.jpg 273w\" sizes=\"auto, (max-width: 350px) 100vw, 350px\" \/><\/a>&#8211;\u00a0\u00a0\u00a0\u00a0\u00a0\u00a0 Se contin\u00faa con la campa\u00f1a que empezamos el a\u00f1o pasado de\u00a0 proyectar en las calles el v\u00eddeo que hicimos en la Plataforma sobre los recortes. Este a\u00f1o se ha ampliado a toda la provincia y tambi\u00e9n proyectaremos en locales cerrados donde se debatir\u00e1 sobre los temas.<\/p>\n<p style=\"text-align: justify;\">&#8211;\u00a0\u00a0\u00a0\u00a0\u00a0\u00a0 Se comenzar\u00e1 por Torrelavega, contando con la colaboraci\u00f3n de la Coordinadora Saja-Besaya. Se repartir\u00e1n los folletos los d\u00edas 10, 11 y 12 de febrero y se proyectar\u00e1 el d\u00eda 13 de Febrero en el Cima a las 19:30H. Tambi\u00e9n se aprovechar\u00e1 a repartir la propaganda relacionada con las Marchas.<\/p>\n<p style=\"text-align: justify;\">&#8211;\u00a0\u00a0\u00a0\u00a0\u00a0\u00a0 Con motivo de que coinciden fechas con la preparaci\u00f3n de las Marchas 22M, se decide cambiar las fechas que ten\u00edamos programadas para Camargo, se pone nueva fecha 27 de Febrero.<\/p>\n<p align=\"center\">Se retomar\u00e1 a partir de esta fecha en otros lugares de la provincia<\/p>\n<p align=\"center\"><b><i>Para colaborar contactar con <a href=\"mailto:accionsocial@cgtcantabria.org\">accionsocial@cgtcantabria.org<\/a><\/i><\/b><\/p>\n<h3 align=\"center\"><b>\u00a0<\/b><b>\u00a1 ILP POR UNA RENTA B\u00c1SICA YA!<\/b><\/h3>\n<p style=\"text-align: center;\"><a href=\"http:\/\/cgtcantabria.org\/wp\/wp-content\/uploads\/2014\/02\/renta-bc3a1sica.jpg\"><img loading=\"lazy\" decoding=\"async\" class=\"aligncenter  wp-image-1707\" alt=\"renta-bc3a1sica\" src=\"http:\/\/cgtcantabria.org\/wp\/wp-content\/uploads\/2014\/02\/renta-bc3a1sica.jpg\" width=\"294\" height=\"320\" srcset=\"https:\/\/cgtcantabria.org\/wp\/wp-content\/uploads\/2014\/02\/renta-bc3a1sica.jpg 367w, https:\/\/cgtcantabria.org\/wp\/wp-content\/uploads\/2014\/02\/renta-bc3a1sica-275x300.jpg 275w\" sizes=\"auto, (max-width: 294px) 100vw, 294px\" \/><\/a><\/p>\n<p style=\"text-align: justify;\">Como sab\u00e9is la CGT est\u00e1 trabajando el tema de la Renta B\u00e1sica desde hace mucho tiempo. Un compa\u00f1ero ha trabajado con nosotr@s en la elaboraci\u00f3n de un comic explicativo sobre la Renta B\u00e1sica, le ten\u00e9is aqu\u00ed <a href=\"http:\/\/cgtcantabria.org\/wp\/rbis-una-herramienta-para-el-cambio\">cgtcantabria.org<\/a>, en la secci\u00f3n de acci\u00f3n social. El comic os llegar\u00e1 en breve.<\/p>\n<p style=\"text-align: justify;\">A nivel estatal se ha creado un grupo promotor para llevar a cabo la recogida de firmas para exigir una Renta B\u00e1sica. En Cantabria se ha formado un grupo de varias organizaciones, entre ellas CGT, para empezar con la campa\u00f1a que posiblemente sea a finales de Marzo.<\/p>\n<p style=\"text-align: justify;\"><b>\u00a0Tenemos un acto de presentaci\u00f3n<\/b> con Manuel Ca\u00f1adas de campamentos dignidad de M\u00e9rida e Isabel Franco que pertenece al grupo promotor a nivel estatal<b>, el d\u00eda 20 de Febrero<\/b> en las puertas de ICASS de 10:30 a 11:30.<\/p>\n<p style=\"text-align: justify;\"><strong>Recogida fondos para pliegos de la ILP Renta B\u00e1sica Ya!<\/strong><\/p>\n<p style=\"text-align: justify;\">Que suceda depende de tod@s. \u00a1Haz tu aportaci\u00f3n!\u00a0<a href=\"http:\/\/www.facebook.com\/l.php?u=http%3A%2F%2Fgoteo.org%2Fproject%2Filp-renta-basica&amp;h=YAQFD-wgK&amp;enc=AZPkGC6HiEq0y6-8N_e6TvMBNh8SJADsa-qAMx6qPBtPnSWzObqdxHOBXtRm9HrtXCobAbBvogwSfZPL5TeE5U_HQ8pHBvRDGba9IgYc8t5d91DCsuNx-MeJopZL5DImNyKByVAb1vqgpGmPs_KPD9uA&amp;s=1\" target=\"_blank\" rel=\"nofollow nofollow\">http:\/\/goteo.org\/project\/ilp-<wbr \/>renta-basica<\/a><\/p>\n<p>O si quieres aportar para la ILP y no quiereis hacerlo a trav\u00e9s del crowfunding por Internet, la cuenta bancaria que hemos abierto para la ILP est\u00e1 a nombre de:<\/p>\n<p><b>Comisi\u00f3n promotora de la ILP de la Proposici\u00f3n de Ley por la Renta B\u00e1sica Estatal.<\/b><b><br \/>\n<\/b><b>Este es nuestro n\u00ba de cuenta:<\/b><b><br \/>\n<\/b><b>IBAN: ES82 2100 2120 8502 0044 9240<\/b><br \/>\nCaixabank<\/p>\n<h3 align=\"center\">\u00a0Necesitamos de vuestra participaci\u00f3n.<\/h3>\n<h3 align=\"center\">\u00a1\u00a1\u00a1 Os esperamos!!!!<\/h3>\n<p align=\"center\"><b><i>Para colaborar contactar con <a href=\"mailto:accionsocial@cgtcantabria.org\">accionsocial@cgtcantabria.org<\/a><\/i><\/b><\/p>\n","protected":false},"excerpt":{"rendered":"<p>\u00a0INFORMACI\u00d3N DE LAS CAMPA\u00d1AS EN LAS QUE PARTICIPA LA CGT ACTUALMENTE \u00a0 Como sab\u00e9is La CGT forma parte de la Plataforma de Cantabria por lo p\u00fablico. En estos momentos dicha plataforma est\u00e1 organizando las Marchas 22-M a Madrid con\u00a0 varios &hellip; <a href=\"https:\/\/cgtcantabria.org\/wp\/?page_id=1702\">Sigue leyendo <span class=\"meta-nav\">&rarr;<\/span><\/a><\/p>\n","protected":false},"author":13,"featured_media":0,"parent":0,"menu_order":0,"comment_status":"open","ping_status":"open","template":"","meta":{"footnotes":""},"class_list":["post-1702","page","type-page","status-publish","hentry"],"_links":{"self":[{"href":"https:\/\/cgtcantabria.org\/wp\/index.php?rest_route=\/wp\/v2\/pages\/1702","targetHints":{"allow":["GET"]}}],"collection":[{"href":"https:\/\/cgtcantabria.org\/wp\/index.php?rest_route=\/wp\/v2\/pages"}],"about":[{"href":"https:\/\/cgtcantabria.org\/wp\/index.php?rest_route=\/wp\/v2\/types\/page"}],"author":[{"embeddable":true,"href":"https:\/\/cgtcantabria.org\/wp\/index.php?rest_route=\/wp\/v2\/users\/13"}],"replies":[{"embeddable":true,"href":"https:\/\/cgtcantabria.org\/wp\/index.php?rest_route=%2Fwp%2Fv2%2Fcomments&post=1702"}],"version-history":[{"count":9,"href":"https:\/\/cgtcantabria.org\/wp\/index.php?rest_route=\/wp\/v2\/pages\/1702\/revisions"}],"predecessor-version":[{"id":1796,"href":"https:\/\/cgtcantabria.org\/wp\/index.php?rest_route=\/wp\/v2\/pages\/1702\/revisions\/1796"}],"wp:attachment":[{"href":"https:\/\/cgtcantabria.org\/wp\/index.php?rest_route=%2Fwp%2Fv2%2Fmedia&parent=1702"}],"curies":[{"name":"wp","href":"https:\/\/api.w.org\/{rel}","templated":true}]}}